{"id":201,"date":"2023-07-25T11:26:05","date_gmt":"2023-07-25T09:26:05","guid":{"rendered":"https:\/\/futurh.be\/?page_id=201"},"modified":"2026-03-30T14:14:30","modified_gmt":"2026-03-30T12:14:30","slug":"preparation-a-la-formation-daide-soignant","status":"publish","type":"page","link":"https:\/\/futurh.be\/index.php\/preparation-a-la-formation-daide-soignant\/","title":{"rendered":"Pr\u00e9paration \u00e0 la formation d&rsquo;aide-soignant"},"content":{"rendered":"\t\t<div data-elementor-type=\"wp-page\" data-elementor-id=\"201\" class=\"elementor elementor-201\">\n\t\t\t\t<div class=\"elementor-element elementor-element-129f356e e-flex e-con-boxed e-con e-parent\" data-id=\"129f356e\" data-element_type=\"container\">\n\t\t\t\t\t<div class=\"e-con-inner\">\n\t\t\t\t<div class=\"elementor-element elementor-element-42cce15d elementor-widget elementor-widget-heading\" data-id=\"42cce15d\" data-element_type=\"widget\" data-widget_type=\"heading.default\">\n\t\t\t\t<div class=\"elementor-widget-container\">\n\t\t\t\t\t<h1 class=\"elementor-heading-title elementor-size-default\">Pr\u00e9paration Aide-soignant\u00b7e<\/h1>\t\t\t\t<\/div>\n\t\t\t\t<\/div>\n\t\t\t\t\t<\/div>\n\t\t\t\t<\/div>\n\t\t<div class=\"elementor-element elementor-element-3995be32 e-flex e-con-boxed e-con e-parent\" data-id=\"3995be32\" data-element_type=\"container\">\n\t\t\t\t\t<div class=\"e-con-inner\">\n\t\t<div class=\"elementor-element elementor-element-66496d14 e-con-full e-flex e-con e-child\" data-id=\"66496d14\" data-element_type=\"container\">\n\t\t\t\t<div class=\"elementor-element elementor-element-8ac7b1f elementor-widget elementor-widget-text-editor\" data-id=\"8ac7b1f\" data-element_type=\"widget\" data-widget_type=\"text-editor.default\">\n\t\t\t\t<div class=\"elementor-widget-container\">\n\t\t\t\t\t\t\t\t\t<h3>Pr\u00e9paration \u00e0 la formation qualifiante d&rsquo;aide-soignant\u00b7e<\/h3><div>Formation financ\u00e9e par le <a href=\"https:\/\/www.fe-bi.org\/fr\/secteurs\/Fonds\/90\/cp-330-hopitaux-formation\">FSHP<\/a><\/div><div>\u00a0<\/div>\t\t\t\t\t\t\t\t<\/div>\n\t\t\t\t<\/div>\n\t\t\t\t<\/div>\n\t\t<div class=\"elementor-element elementor-element-753ee9db e-con-full e-flex e-con e-child\" data-id=\"753ee9db\" data-element_type=\"container\">\n\t\t\t\t<div class=\"elementor-element elementor-element-1f586b6f elementor-widget elementor-widget-image\" data-id=\"1f586b6f\" data-element_type=\"widget\" data-widget_type=\"image.default\">\n\t\t\t\t<div class=\"elementor-widget-container\">\n\t\t\t\t\t\t\t\t\t\t\t\t\t\t\t<img fetchpriority=\"high\" decoding=\"async\" width=\"1024\" height=\"683\" src=\"https:\/\/futurh.be\/wp-content\/uploads\/2023\/09\/AdobeStock_57854415-1024x683.jpeg\" class=\"attachment-large size-large wp-image-1808\" alt=\"\" srcset=\"https:\/\/futurh.be\/wp-content\/uploads\/2023\/09\/AdobeStock_57854415-1024x683.jpeg 1024w, https:\/\/futurh.be\/wp-content\/uploads\/2023\/09\/AdobeStock_57854415-300x200.jpeg 300w, https:\/\/futurh.be\/wp-content\/uploads\/2023\/09\/AdobeStock_57854415-768x512.jpeg 768w, https:\/\/futurh.be\/wp-content\/uploads\/2023\/09\/AdobeStock_57854415-1536x1024.jpeg 1536w, https:\/\/futurh.be\/wp-content\/uploads\/2023\/09\/AdobeStock_57854415-2048x1365.jpeg 2048w\" sizes=\"(max-width: 1024px) 100vw, 1024px\" \/>\t\t\t\t\t\t\t\t\t\t\t\t\t\t\t<\/div>\n\t\t\t\t<\/div>\n\t\t\t\t<\/div>\n\t\t\t\t\t<\/div>\n\t\t\t\t<\/div>\n\t\t<div class=\"elementor-element elementor-element-79f9a89f e-flex e-con-boxed e-con e-parent\" data-id=\"79f9a89f\" data-element_type=\"container\">\n\t\t\t\t\t<div class=\"e-con-inner\">\n\t\t\t\t<div class=\"elementor-element elementor-element-101c6bc4 elementor-widget__width-initial elementor-tabs-view-horizontal elementor-invisible elementor-widget elementor-widget-tabs\" data-id=\"101c6bc4\" data-element_type=\"widget\" data-settings=\"{&quot;_animation&quot;:&quot;fadeIn&quot;}\" data-widget_type=\"tabs.default\">\n\t\t\t\t<div class=\"elementor-widget-container\">\n\t\t\t\t\t\t\t<div class=\"elementor-tabs\">\n\t\t\t<div class=\"elementor-tabs-wrapper\" role=\"tablist\" >\n\t\t\t\t\t\t\t\t\t<div id=\"elementor-tab-title-2701\" class=\"elementor-tab-title elementor-tab-desktop-title\" aria-selected=\"true\" data-tab=\"1\" role=\"tab\" tabindex=\"0\" aria-controls=\"elementor-tab-content-2701\" aria-expanded=\"false\">Formation en cours<\/div>\n\t\t\t\t\t\t\t\t\t<div id=\"elementor-tab-title-2702\" class=\"elementor-tab-title elementor-tab-desktop-title\" aria-selected=\"false\" data-tab=\"2\" role=\"tab\" tabindex=\"-1\" aria-controls=\"elementor-tab-content-2702\" aria-expanded=\"false\">Formation \u00e0 venir<\/div>\n\t\t\t\t\t\t\t<\/div>\n\t\t\t<div class=\"elementor-tabs-content-wrapper\" role=\"tablist\" aria-orientation=\"vertical\">\n\t\t\t\t\t\t\t\t\t<div class=\"elementor-tab-title elementor-tab-mobile-title\" aria-selected=\"true\" data-tab=\"1\" role=\"tab\" tabindex=\"0\" aria-controls=\"elementor-tab-content-2701\" aria-expanded=\"false\">Formation en cours<\/div>\n\t\t\t\t\t<div id=\"elementor-tab-content-2701\" class=\"elementor-tab-content elementor-clearfix\" data-tab=\"1\" role=\"tabpanel\" aria-labelledby=\"elementor-tab-title-2701\" tabindex=\"0\" hidden=\"false\"><p>La prochaine formation aura lieu en septembre 2026 (sous r\u00e9serve d&rsquo;acceptation du FSHP).&nbsp;<\/p>\n<p>Les recrutements d\u00e9buteront en juin 2026.<\/p><\/div>\n\t\t\t\t\t\t\t\t\t<div class=\"elementor-tab-title elementor-tab-mobile-title\" aria-selected=\"false\" data-tab=\"2\" role=\"tab\" tabindex=\"-1\" aria-controls=\"elementor-tab-content-2702\" aria-expanded=\"false\">Formation \u00e0 venir<\/div>\n\t\t\t\t\t<div id=\"elementor-tab-content-2702\" class=\"elementor-tab-content elementor-clearfix\" data-tab=\"2\" role=\"tabpanel\" aria-labelledby=\"elementor-tab-title-2702\" tabindex=\"0\" hidden=\"hidden\"><p>Le prochain module de formation se d\u00e9roulera de septembre \u00e0 d\u00e9cembre 2026 (sous r\u00e9serve d&rsquo;acceptation du FSHP).<\/p><\/div>\n\t\t\t\t\t\t\t<\/div>\n\t\t<\/div>\n\t\t\t\t\t\t<\/div>\n\t\t\t\t<\/div>\n\t\t\t\t\t<\/div>\n\t\t\t\t<\/div>\n\t\t<div class=\"elementor-element elementor-element-739e0e7a e-flex e-con-boxed e-con e-parent\" data-id=\"739e0e7a\" data-element_type=\"container\">\n\t\t\t\t\t<div class=\"e-con-inner\">\n\t\t\t\t<div class=\"elementor-element elementor-element-3aad9bc5 elementor-widget elementor-widget-toggle\" data-id=\"3aad9bc5\" data-element_type=\"widget\" data-widget_type=\"toggle.default\">\n\t\t\t\t<div class=\"elementor-widget-container\">\n\t\t\t\t\t\t\t<div class=\"elementor-toggle\">\n\t\t\t\t\t\t\t<div class=\"elementor-toggle-item\">\n\t\t\t\t\t<div id=\"elementor-tab-title-9841\" class=\"elementor-tab-title\" data-tab=\"1\" role=\"button\" aria-controls=\"elementor-tab-content-9841\" aria-expanded=\"false\">\n\t\t\t\t\t\t\t\t\t\t\t\t<span class=\"elementor-toggle-icon elementor-toggle-icon-left\" aria-hidden=\"true\">\n\t\t\t\t\t\t\t\t\t\t\t\t\t\t\t<span class=\"elementor-toggle-icon-closed\"><i class=\"fas fa-caret-right\"><\/i><\/span>\n\t\t\t\t\t\t\t\t<span class=\"elementor-toggle-icon-opened\"><i class=\"elementor-toggle-icon-opened fas fa-caret-up\"><\/i><\/span>\n\t\t\t\t\t\t\t\t\t\t\t\t\t<\/span>\n\t\t\t\t\t\t\t\t\t\t\t\t<a class=\"elementor-toggle-title\" tabindex=\"0\">Conditions d'acc\u00e8s<\/a>\n\t\t\t\t\t<\/div>\n\n\t\t\t\t\t<div id=\"elementor-tab-content-9841\" class=\"elementor-tab-content elementor-clearfix\" data-tab=\"1\" role=\"region\" aria-labelledby=\"elementor-tab-title-9841\"><ul><li>Etre inscrit au Forem comme demandeur d&#8217;emploi.<\/li><\/ul><\/div>\n\t\t\t\t<\/div>\n\t\t\t\t\t\t\t<div class=\"elementor-toggle-item\">\n\t\t\t\t\t<div id=\"elementor-tab-title-9842\" class=\"elementor-tab-title\" data-tab=\"2\" role=\"button\" aria-controls=\"elementor-tab-content-9842\" aria-expanded=\"false\">\n\t\t\t\t\t\t\t\t\t\t\t\t<span class=\"elementor-toggle-icon elementor-toggle-icon-left\" aria-hidden=\"true\">\n\t\t\t\t\t\t\t\t\t\t\t\t\t\t\t<span class=\"elementor-toggle-icon-closed\"><i class=\"fas fa-caret-right\"><\/i><\/span>\n\t\t\t\t\t\t\t\t<span class=\"elementor-toggle-icon-opened\"><i class=\"elementor-toggle-icon-opened fas fa-caret-up\"><\/i><\/span>\n\t\t\t\t\t\t\t\t\t\t\t\t\t<\/span>\n\t\t\t\t\t\t\t\t\t\t\t\t<a class=\"elementor-toggle-title\" tabindex=\"0\">Dur\u00e9e de la formation<\/a>\n\t\t\t\t\t<\/div>\n\n\t\t\t\t\t<div id=\"elementor-tab-content-9842\" class=\"elementor-tab-content elementor-clearfix\" data-tab=\"2\" role=\"region\" aria-labelledby=\"elementor-tab-title-9842\"><p>La formation dure 4 mois. Elle est organis\u00e9e chaque ann\u00e9e de septembre \u00e0 d\u00e9cembre.<\/p><\/div>\n\t\t\t\t<\/div>\n\t\t\t\t\t\t\t<div class=\"elementor-toggle-item\">\n\t\t\t\t\t<div id=\"elementor-tab-title-9843\" class=\"elementor-tab-title\" data-tab=\"3\" role=\"button\" aria-controls=\"elementor-tab-content-9843\" aria-expanded=\"false\">\n\t\t\t\t\t\t\t\t\t\t\t\t<span class=\"elementor-toggle-icon elementor-toggle-icon-left\" aria-hidden=\"true\">\n\t\t\t\t\t\t\t\t\t\t\t\t\t\t\t<span class=\"elementor-toggle-icon-closed\"><i class=\"fas fa-caret-right\"><\/i><\/span>\n\t\t\t\t\t\t\t\t<span class=\"elementor-toggle-icon-opened\"><i class=\"elementor-toggle-icon-opened fas fa-caret-up\"><\/i><\/span>\n\t\t\t\t\t\t\t\t\t\t\t\t\t<\/span>\n\t\t\t\t\t\t\t\t\t\t\t\t<a class=\"elementor-toggle-title\" tabindex=\"0\">Horaire<\/a>\n\t\t\t\t\t<\/div>\n\n\t\t\t\t\t<div id=\"elementor-tab-content-9843\" class=\"elementor-tab-content elementor-clearfix\" data-tab=\"3\" role=\"region\" aria-labelledby=\"elementor-tab-title-9843\"><p>Les cours se donnent du lundi au vendredi, en journ\u00e9e de 9h \u00e0 12h et de 13h \u00e0 16h, (30h\/semaine).<\/p><p>Pendant les stages, les horaires prest\u00e9s sont diff\u00e9rents et adapt\u00e9s \u00e0 la r\u00e9alit\u00e9 du terrain.<\/p><p>Il n&rsquo;y a pas de prestations de nuit, jours f\u00e9ri\u00e9s ou weekends.<\/p><\/div>\n\t\t\t\t<\/div>\n\t\t\t\t\t\t\t<div class=\"elementor-toggle-item\">\n\t\t\t\t\t<div id=\"elementor-tab-title-9844\" class=\"elementor-tab-title\" data-tab=\"4\" role=\"button\" aria-controls=\"elementor-tab-content-9844\" aria-expanded=\"false\">\n\t\t\t\t\t\t\t\t\t\t\t\t<span class=\"elementor-toggle-icon elementor-toggle-icon-left\" aria-hidden=\"true\">\n\t\t\t\t\t\t\t\t\t\t\t\t\t\t\t<span class=\"elementor-toggle-icon-closed\"><i class=\"fas fa-caret-right\"><\/i><\/span>\n\t\t\t\t\t\t\t\t<span class=\"elementor-toggle-icon-opened\"><i class=\"elementor-toggle-icon-opened fas fa-caret-up\"><\/i><\/span>\n\t\t\t\t\t\t\t\t\t\t\t\t\t<\/span>\n\t\t\t\t\t\t\t\t\t\t\t\t<a class=\"elementor-toggle-title\" tabindex=\"0\">Avantages<\/a>\n\t\t\t\t\t<\/div>\n\n\t\t\t\t\t<div id=\"elementor-tab-content-9844\" class=\"elementor-tab-content elementor-clearfix\" data-tab=\"4\" role=\"region\" aria-labelledby=\"elementor-tab-title-9844\"><p>La formation est GRATUITE.<\/p><p>Il n&rsquo;y a pas d&rsquo;intervention financi\u00e8re. N&rsquo;h\u00e9sitez pas \u00e0 nous contacter pour plus de renseignements.<\/p><\/div>\n\t\t\t\t<\/div>\n\t\t\t\t\t\t\t<div class=\"elementor-toggle-item\">\n\t\t\t\t\t<div id=\"elementor-tab-title-9845\" class=\"elementor-tab-title\" data-tab=\"5\" role=\"button\" aria-controls=\"elementor-tab-content-9845\" aria-expanded=\"false\">\n\t\t\t\t\t\t\t\t\t\t\t\t<span class=\"elementor-toggle-icon elementor-toggle-icon-left\" aria-hidden=\"true\">\n\t\t\t\t\t\t\t\t\t\t\t\t\t\t\t<span class=\"elementor-toggle-icon-closed\"><i class=\"fas fa-caret-right\"><\/i><\/span>\n\t\t\t\t\t\t\t\t<span class=\"elementor-toggle-icon-opened\"><i class=\"elementor-toggle-icon-opened fas fa-caret-up\"><\/i><\/span>\n\t\t\t\t\t\t\t\t\t\t\t\t\t<\/span>\n\t\t\t\t\t\t\t\t\t\t\t\t<a class=\"elementor-toggle-title\" tabindex=\"0\">Programme de formation<\/a>\n\t\t\t\t\t<\/div>\n\n\t\t\t\t\t<div id=\"elementor-tab-content-9845\" class=\"elementor-tab-content elementor-clearfix\" data-tab=\"5\" role=\"region\" aria-labelledby=\"elementor-tab-title-9845\"><p>Introduction Nursing, bases de sciences, rappel de math\u00e9matiques et fran\u00e7ais, manutention, enqu\u00eates, vocabulaire professionnel, d\u00e9ontologie professionnelle, introduction \u00e0 la l\u00e9gislation du secteur, hygi\u00e8ne professionnelle, m\u00e9thodologie du travail scolaire, monographie des fonctions et organigrammes, connaissances des secteurs(h\u00f4pitaux MR,MRS, domicile) priv\u00e9s, psychologie du patient et gestion du stress, sant\u00e9 et hygi\u00e8ne de vie de l&rsquo;\u00e9tudiant, communication avec les patients et les coll\u00e8gues.<br \/><br \/>Stage de d\u00e9couverte du m\u00e9tier<br \/>Coaching individualis\u00e9<\/p><\/div>\n\t\t\t\t<\/div>\n\t\t\t\t\t\t\t<div class=\"elementor-toggle-item\">\n\t\t\t\t\t<div id=\"elementor-tab-title-9846\" class=\"elementor-tab-title\" data-tab=\"6\" role=\"button\" aria-controls=\"elementor-tab-content-9846\" aria-expanded=\"false\">\n\t\t\t\t\t\t\t\t\t\t\t\t<span class=\"elementor-toggle-icon elementor-toggle-icon-left\" aria-hidden=\"true\">\n\t\t\t\t\t\t\t\t\t\t\t\t\t\t\t<span class=\"elementor-toggle-icon-closed\"><i class=\"fas fa-caret-right\"><\/i><\/span>\n\t\t\t\t\t\t\t\t<span class=\"elementor-toggle-icon-opened\"><i class=\"elementor-toggle-icon-opened fas fa-caret-up\"><\/i><\/span>\n\t\t\t\t\t\t\t\t\t\t\t\t\t<\/span>\n\t\t\t\t\t\t\t\t\t\t\t\t<a class=\"elementor-toggle-title\" tabindex=\"0\">Lien FORMAPass<\/a>\n\t\t\t\t\t<\/div>\n\n\t\t\t\t\t<div id=\"elementor-tab-content-9846\" class=\"elementor-tab-content elementor-clearfix\" data-tab=\"6\" role=\"region\" aria-labelledby=\"elementor-tab-title-9846\"><p><a href=\"https:\/\/www.leforem.be\/FORMAPass\/offre-prestation\/detail-prestation.html?id=28221&amp;modele=false\" target=\"_blank\" rel=\"noopener\">Offre de prestation n\u00b028221 : Pr\u00e9paration \u00e0 la formation d&rsquo;aide-soignant<\/a><\/p><\/div>\n\t\t\t\t<\/div>\n\t\t\t\t\t\t\t\t<\/div>\n\t\t\t\t\t\t<\/div>\n\t\t\t\t<\/div>\n\t\t\t\t\t<\/div>\n\t\t\t\t<\/div>\n\t\t<div class=\"elementor-element elementor-element-77a53409 e-con-full e-flex e-con e-parent\" data-id=\"77a53409\" data-element_type=\"container\" data-settings=\"{&quot;background_background&quot;:&quot;classic&quot;}\">\n\t\t\t\t<div class=\"elementor-element elementor-element-7ff6dfb3 elementor-widget__width-initial elementor-widget elementor-widget-text-editor\" data-id=\"7ff6dfb3\" data-element_type=\"widget\" data-widget_type=\"text-editor.default\">\n\t\t\t\t<div class=\"elementor-widget-container\">\n\t\t\t\t\t\t\t\t\t<p><b>Int\u00e9ress\u00e9 par ce module de formation ? Prenez contact avec nous par t\u00e9l\u00e9phone, SMS ou mail.<\/b><\/p>\n<p style=\"text-align: center;\"><b>Vous pouvez \u00e9galement remplir le formulaire de contact en cliquant sur le bouton ci-dessous.<\/b><\/p>\t\t\t\t\t\t\t\t<\/div>\n\t\t\t\t<\/div>\n\t\t\t\t<\/div>\n\t\t<div class=\"elementor-element elementor-element-6ecd9a8d e-con-full e-flex e-con e-parent\" data-id=\"6ecd9a8d\" data-element_type=\"container\">\n\t\t\t\t<div class=\"elementor-element elementor-element-ae86a97 elementor-view-framed animated-slow elementor-widget__width-initial elementor-widget-mobile__width-initial elementor-shape-circle elementor-position-top elementor-mobile-position-top elementor-invisible elementor-widget elementor-widget-icon-box\" data-id=\"ae86a97\" data-element_type=\"widget\" data-settings=\"{&quot;_animation&quot;:&quot;fadeIn&quot;}\" data-widget_type=\"icon-box.default\">\n\t\t\t\t<div class=\"elementor-widget-container\">\n\t\t\t\t\t\t\t<div class=\"elementor-icon-box-wrapper\">\n\n\t\t\t\t\t\t<div class=\"elementor-icon-box-icon\">\n\t\t\t\t<a href=\"tel:+3243441773\" target=\"_blank\" class=\"elementor-icon elementor-animation-shrink\" tabindex=\"-1\" aria-label=\"T\u00e9l\u00e9phone\">\n\t\t\t\t<i aria-hidden=\"true\" class=\"fas fa-phone-volume\"><\/i>\t\t\t\t<\/a>\n\t\t\t<\/div>\n\t\t\t\n\t\t\t\t\t\t<div class=\"elementor-icon-box-content\">\n\n\t\t\t\t\t\t\t\t\t<h5 class=\"elementor-icon-box-title\">\n\t\t\t\t\t\t<a href=\"tel:+3243441773\" target=\"_blank\" >\n\t\t\t\t\t\t\tT\u00e9l\u00e9phone\t\t\t\t\t\t<\/a>\n\t\t\t\t\t<\/h5>\n\t\t\t\t\n\t\t\t\t\t\t\t\t\t<p class=\"elementor-icon-box-description\">\n\t\t\t\t\t\t04\/344 17 73\t\t\t\t\t<\/p>\n\t\t\t\t\n\t\t\t<\/div>\n\t\t\t\n\t\t<\/div>\n\t\t\t\t\t\t<\/div>\n\t\t\t\t<\/div>\n\t\t\t\t<div class=\"elementor-element elementor-element-3c9243ef elementor-view-framed animated-slow elementor-widget__width-initial elementor-widget-mobile__width-initial elementor-shape-circle elementor-position-top elementor-mobile-position-top elementor-invisible elementor-widget elementor-widget-icon-box\" data-id=\"3c9243ef\" data-element_type=\"widget\" data-settings=\"{&quot;_animation&quot;:&quot;fadeIn&quot;}\" data-widget_type=\"icon-box.default\">\n\t\t\t\t<div class=\"elementor-widget-container\">\n\t\t\t\t\t\t\t<div class=\"elementor-icon-box-wrapper\">\n\n\t\t\t\t\t\t<div class=\"elementor-icon-box-icon\">\n\t\t\t\t<a href=\"sms:+32483200803\" target=\"_blank\" class=\"elementor-icon elementor-animation-shrink\" tabindex=\"-1\" aria-label=\"SMS\">\n\t\t\t\t<i aria-hidden=\"true\" class=\"fas fa-sms\"><\/i>\t\t\t\t<\/a>\n\t\t\t<\/div>\n\t\t\t\n\t\t\t\t\t\t<div class=\"elementor-icon-box-content\">\n\n\t\t\t\t\t\t\t\t\t<h5 class=\"elementor-icon-box-title\">\n\t\t\t\t\t\t<a href=\"sms:+32483200803\" target=\"_blank\" >\n\t\t\t\t\t\t\tSMS\t\t\t\t\t\t<\/a>\n\t\t\t\t\t<\/h5>\n\t\t\t\t\n\t\t\t\t\t\t\t\t\t<p class=\"elementor-icon-box-description\">\n\t\t\t\t\t\t0483\/20 08 03\t\t\t\t\t<\/p>\n\t\t\t\t\n\t\t\t<\/div>\n\t\t\t\n\t\t<\/div>\n\t\t\t\t\t\t<\/div>\n\t\t\t\t<\/div>\n\t\t\t\t<div class=\"elementor-element elementor-element-651ad40f elementor-view-framed animated-slow elementor-widget__width-initial elementor-widget-mobile__width-initial elementor-shape-circle elementor-position-top elementor-mobile-position-top elementor-invisible elementor-widget elementor-widget-icon-box\" data-id=\"651ad40f\" data-element_type=\"widget\" data-settings=\"{&quot;_animation&quot;:&quot;fadeIn&quot;}\" data-widget_type=\"icon-box.default\">\n\t\t\t\t<div class=\"elementor-widget-container\">\n\t\t\t\t\t\t\t<div class=\"elementor-icon-box-wrapper\">\n\n\t\t\t\t\t\t<div class=\"elementor-icon-box-icon\">\n\t\t\t\t<a href=\"mailto:info@futurh.be\" target=\"_blank\" class=\"elementor-icon elementor-animation-shrink\" tabindex=\"-1\" aria-label=\"Mail\">\n\t\t\t\t<i aria-hidden=\"true\" class=\"far fa-envelope\"><\/i>\t\t\t\t<\/a>\n\t\t\t<\/div>\n\t\t\t\n\t\t\t\t\t\t<div class=\"elementor-icon-box-content\">\n\n\t\t\t\t\t\t\t\t\t<h5 class=\"elementor-icon-box-title\">\n\t\t\t\t\t\t<a href=\"mailto:info@futurh.be\" target=\"_blank\" >\n\t\t\t\t\t\t\tMail\t\t\t\t\t\t<\/a>\n\t\t\t\t\t<\/h5>\n\t\t\t\t\n\t\t\t\t\t\t\t\t\t<p class=\"elementor-icon-box-description\">\n\t\t\t\t\t\tinfo@futurh.be\t\t\t\t\t<\/p>\n\t\t\t\t\n\t\t\t<\/div>\n\t\t\t\n\t\t<\/div>\n\t\t\t\t\t\t<\/div>\n\t\t\t\t<\/div>\n\t\t\t\t<\/div>\n\t\t<div class=\"elementor-element elementor-element-fab05d4 e-flex e-con-boxed e-con e-parent\" data-id=\"fab05d4\" data-element_type=\"container\">\n\t\t\t\t\t<div class=\"e-con-inner\">\n\t\t\t\t<div class=\"elementor-element elementor-element-bcf6782 elementor-align-center elementor-widget__width-initial animated-slow elementor-invisible elementor-widget elementor-widget-button\" data-id=\"bcf6782\" data-element_type=\"widget\" data-settings=\"{&quot;_animation&quot;:&quot;pulse&quot;,&quot;_animation_delay&quot;:100}\" data-widget_type=\"button.default\">\n\t\t\t\t<div class=\"elementor-widget-container\">\n\t\t\t\t\t\t\t\t\t<div class=\"elementor-button-wrapper\">\n\t\t\t\t\t<a class=\"elementor-button elementor-button-link elementor-size-sm\" href=\"https:\/\/forms.office.com\/e\/f0Ci5jPpMp\" target=\"_blank\">\n\t\t\t\t\t\t<span class=\"elementor-button-content-wrapper\">\n\t\t\t\t\t\t\t\t\t<span class=\"elementor-button-text\">Formulaire de contact<\/span>\n\t\t\t\t\t<\/span>\n\t\t\t\t\t<\/a>\n\t\t\t\t<\/div>\n\t\t\t\t\t\t\t\t<\/div>\n\t\t\t\t<\/div>\n\t\t\t\t\t<\/div>\n\t\t\t\t<\/div>\n\t\t\t\t<\/div>\n\t\t","protected":false},"excerpt":{"rendered":"<p>Pr\u00e9paration Aide-soignant\u00b7e Pr\u00e9paration \u00e0 la formation qualifiante d&rsquo;aide-soignant\u00b7e Formation financ\u00e9e par le FSHP\u00a0 Formation en cours Formation \u00e0 venir Formation en cours La prochaine formation aura lieu en septembre 2026 (sous r\u00e9serve d&rsquo;acceptation du FSHP).&nbsp; Les recrutements d\u00e9buteront en juin 2026. Formation \u00e0 venir Le prochain module de formation se d\u00e9roulera de septembre \u00e0 d\u00e9cembre [&hellip;]<\/p>\n","protected":false},"author":1,"featured_media":0,"parent":0,"menu_order":0,"comment_status":"closed","ping_status":"closed","template":"","meta":{"site-sidebar-layout":"no-sidebar","site-content-layout":"page-builder","ast-site-content-layout":"full-width-container","site-content-style":"default","site-sidebar-style":"default","ast-global-header-display":"","ast-banner-title-visibility":"","ast-main-header-display":"","ast-hfb-above-header-display":"","ast-hfb-below-header-display":"","ast-hfb-mobile-header-display":"","site-post-title":"disabled","ast-breadcrumbs-content":"","ast-featured-img":"disabled","footer-sml-layout":"","theme-transparent-header-meta":"","adv-header-id-meta":"","stick-header-meta":"","header-above-stick-meta":"","header-main-stick-meta":"","header-below-stick-meta":"","astra-migrate-meta-layouts":"default","ast-page-background-enabled":"default","ast-page-background-meta":{"desktop":{"background-color":"var(--ast-global-color-4)","background-image":"","background-repeat":"repeat","background-position":"center center","background-size":"auto","background-attachment":"scroll","background-type":"","background-media":"","overlay-type":"","overlay-color":"","overlay-opacity":"","overlay-gradient":""},"tablet":{"background-color":"","background-image":"","background-repeat":"repeat","background-position":"center center","background-size":"auto","background-attachment":"scroll","background-type":"","background-media":"","overlay-type":"","overlay-color":"","overlay-opacity":"","overlay-gradient":""},"mobile":{"background-color":"","background-image":"","background-repeat":"repeat","background-position":"center center","background-size":"auto","background-attachment":"scroll","background-type":"","background-media":"","overlay-type":"","overlay-color":"","overlay-opacity":"","overlay-gradient":""}},"ast-content-background-meta":{"desktop":{"background-color":"var(--ast-global-color-5)","background-image":"","background-repeat":"repeat","background-position":"center center","background-size":"auto","background-attachment":"scroll","background-type":"","background-media":"","overlay-type":"","overlay-color":"","overlay-opacity":"","overlay-gradient":""},"tablet":{"background-color":"var(--ast-global-color-5)","background-image":"","background-repeat":"repeat","background-position":"center center","background-size":"auto","background-attachment":"scroll","background-type":"","background-media":"","overlay-type":"","overlay-color":"","overlay-opacity":"","overlay-gradient":""},"mobile":{"background-color":"var(--ast-global-color-5)","background-image":"","background-repeat":"repeat","background-position":"center center","background-size":"auto","background-attachment":"scroll","background-type":"","background-media":"","overlay-type":"","overlay-color":"","overlay-opacity":"","overlay-gradient":""}},"footnotes":""},"class_list":["post-201","page","type-page","status-publish","hentry"],"yoast_head":"<!-- This site is optimized with the Yoast SEO plugin v25.8 - https:\/\/yoast.com\/wordpress\/plugins\/seo\/ -->\n<title>Pr\u00e9paration \u00e0 la formation d&#039;aide-soignant - Futur H<\/title>\n<meta name=\"robots\" content=\"index, follow, max-snippet:-1, max-image-preview:large, max-video-preview:-1\" \/>\n<link rel=\"canonical\" href=\"https:\/\/futurh.be\/index.php\/preparation-a-la-formation-daide-soignant\/\" \/>\n<meta property=\"og:locale\" content=\"fr_FR\" \/>\n<meta property=\"og:type\" content=\"article\" \/>\n<meta property=\"og:title\" content=\"Pr\u00e9paration \u00e0 la formation d&#039;aide-soignant - Futur H\" \/>\n<meta property=\"og:description\" content=\"Pr\u00e9paration Aide-soignant\u00b7e Pr\u00e9paration \u00e0 la formation qualifiante d&rsquo;aide-soignant\u00b7e Formation financ\u00e9e par le FSHP\u00a0 Formation en cours Formation \u00e0 venir Formation en cours La prochaine formation aura lieu en septembre 2026 (sous r\u00e9serve d&rsquo;acceptation du FSHP).&nbsp; Les recrutements d\u00e9buteront en juin 2026. Formation \u00e0 venir Le prochain module de formation se d\u00e9roulera de septembre \u00e0 d\u00e9cembre [&hellip;]\" \/>\n<meta property=\"og:url\" content=\"https:\/\/futurh.be\/index.php\/preparation-a-la-formation-daide-soignant\/\" \/>\n<meta property=\"og:site_name\" content=\"Futur H\" \/>\n<meta property=\"article:publisher\" content=\"https:\/\/www.facebook.com\/asbl.Futur.H\" \/>\n<meta property=\"article:modified_time\" content=\"2026-03-30T12:14:30+00:00\" \/>\n<meta property=\"og:image\" content=\"https:\/\/futurh.be\/wp-content\/uploads\/2023\/09\/AdobeStock_57854415-scaled.jpeg\" \/>\n\t<meta property=\"og:image:width\" content=\"2560\" \/>\n\t<meta property=\"og:image:height\" content=\"1707\" \/>\n\t<meta property=\"og:image:type\" content=\"image\/jpeg\" \/>\n<meta name=\"twitter:card\" content=\"summary_large_image\" \/>\n<meta name=\"twitter:label1\" content=\"Dur\u00e9e de lecture estim\u00e9e\" \/>\n\t<meta name=\"twitter:data1\" content=\"2 minutes\" \/>\n<script type=\"application\/ld+json\" class=\"yoast-schema-graph\">{\"@context\":\"https:\/\/schema.org\",\"@graph\":[{\"@type\":\"WebPage\",\"@id\":\"https:\/\/futurh.be\/index.php\/preparation-a-la-formation-daide-soignant\/\",\"url\":\"https:\/\/futurh.be\/index.php\/preparation-a-la-formation-daide-soignant\/\",\"name\":\"Pr\u00e9paration \u00e0 la formation d'aide-soignant - Futur H\",\"isPartOf\":{\"@id\":\"https:\/\/futurh.be\/#website\"},\"primaryImageOfPage\":{\"@id\":\"https:\/\/futurh.be\/index.php\/preparation-a-la-formation-daide-soignant\/#primaryimage\"},\"image\":{\"@id\":\"https:\/\/futurh.be\/index.php\/preparation-a-la-formation-daide-soignant\/#primaryimage\"},\"thumbnailUrl\":\"https:\/\/futurh.be\/wp-content\/uploads\/2023\/09\/AdobeStock_57854415-1024x683.jpeg\",\"datePublished\":\"2023-07-25T09:26:05+00:00\",\"dateModified\":\"2026-03-30T12:14:30+00:00\",\"breadcrumb\":{\"@id\":\"https:\/\/futurh.be\/index.php\/preparation-a-la-formation-daide-soignant\/#breadcrumb\"},\"inLanguage\":\"fr-FR\",\"potentialAction\":[{\"@type\":\"ReadAction\",\"target\":[\"https:\/\/futurh.be\/index.php\/preparation-a-la-formation-daide-soignant\/\"]}]},{\"@type\":\"ImageObject\",\"inLanguage\":\"fr-FR\",\"@id\":\"https:\/\/futurh.be\/index.php\/preparation-a-la-formation-daide-soignant\/#primaryimage\",\"url\":\"https:\/\/futurh.be\/wp-content\/uploads\/2023\/09\/AdobeStock_57854415-1024x683.jpeg\",\"contentUrl\":\"https:\/\/futurh.be\/wp-content\/uploads\/2023\/09\/AdobeStock_57854415-1024x683.jpeg\"},{\"@type\":\"BreadcrumbList\",\"@id\":\"https:\/\/futurh.be\/index.php\/preparation-a-la-formation-daide-soignant\/#breadcrumb\",\"itemListElement\":[{\"@type\":\"ListItem\",\"position\":1,\"name\":\"Accueil\",\"item\":\"https:\/\/futurh.be\/\"},{\"@type\":\"ListItem\",\"position\":2,\"name\":\"Pr\u00e9paration \u00e0 la formation d&rsquo;aide-soignant\"}]},{\"@type\":\"WebSite\",\"@id\":\"https:\/\/futurh.be\/#website\",\"url\":\"https:\/\/futurh.be\/\",\"name\":\"Futur H\",\"description\":\"\",\"publisher\":{\"@id\":\"https:\/\/futurh.be\/#organization\"},\"potentialAction\":[{\"@type\":\"SearchAction\",\"target\":{\"@type\":\"EntryPoint\",\"urlTemplate\":\"https:\/\/futurh.be\/?s={search_term_string}\"},\"query-input\":{\"@type\":\"PropertyValueSpecification\",\"valueRequired\":true,\"valueName\":\"search_term_string\"}}],\"inLanguage\":\"fr-FR\"},{\"@type\":\"Organization\",\"@id\":\"https:\/\/futurh.be\/#organization\",\"name\":\"FUTUR H ASBL\",\"url\":\"https:\/\/futurh.be\/\",\"logo\":{\"@type\":\"ImageObject\",\"inLanguage\":\"fr-FR\",\"@id\":\"https:\/\/futurh.be\/#\/schema\/logo\/image\/\",\"url\":\"https:\/\/futurh.be\/wp-content\/uploads\/2023\/07\/LOGO_FUTUR-H-e1690377212662.png\",\"contentUrl\":\"https:\/\/futurh.be\/wp-content\/uploads\/2023\/07\/LOGO_FUTUR-H-e1690377212662.png\",\"width\":350,\"height\":298,\"caption\":\"FUTUR H ASBL\"},\"image\":{\"@id\":\"https:\/\/futurh.be\/#\/schema\/logo\/image\/\"},\"sameAs\":[\"https:\/\/www.facebook.com\/asbl.Futur.H\",\"https:\/\/www.linkedin.com\/in\/futur-h-asbl-818496221\/\"]}]}<\/script>\n<!-- \/ Yoast SEO plugin. -->","yoast_head_json":{"title":"Pr\u00e9paration \u00e0 la formation d'aide-soignant - Futur H","robots":{"index":"index","follow":"follow","max-snippet":"max-snippet:-1","max-image-preview":"max-image-preview:large","max-video-preview":"max-video-preview:-1"},"canonical":"https:\/\/futurh.be\/index.php\/preparation-a-la-formation-daide-soignant\/","og_locale":"fr_FR","og_type":"article","og_title":"Pr\u00e9paration \u00e0 la formation d'aide-soignant - Futur H","og_description":"Pr\u00e9paration Aide-soignant\u00b7e Pr\u00e9paration \u00e0 la formation qualifiante d&rsquo;aide-soignant\u00b7e Formation financ\u00e9e par le FSHP\u00a0 Formation en cours Formation \u00e0 venir Formation en cours La prochaine formation aura lieu en septembre 2026 (sous r\u00e9serve d&rsquo;acceptation du FSHP).&nbsp; Les recrutements d\u00e9buteront en juin 2026. Formation \u00e0 venir Le prochain module de formation se d\u00e9roulera de septembre \u00e0 d\u00e9cembre [&hellip;]","og_url":"https:\/\/futurh.be\/index.php\/preparation-a-la-formation-daide-soignant\/","og_site_name":"Futur H","article_publisher":"https:\/\/www.facebook.com\/asbl.Futur.H","article_modified_time":"2026-03-30T12:14:30+00:00","og_image":[{"width":2560,"height":1707,"url":"https:\/\/futurh.be\/wp-content\/uploads\/2023\/09\/AdobeStock_57854415-scaled.jpeg","type":"image\/jpeg"}],"twitter_card":"summary_large_image","twitter_misc":{"Dur\u00e9e de lecture estim\u00e9e":"2 minutes"},"schema":{"@context":"https:\/\/schema.org","@graph":[{"@type":"WebPage","@id":"https:\/\/futurh.be\/index.php\/preparation-a-la-formation-daide-soignant\/","url":"https:\/\/futurh.be\/index.php\/preparation-a-la-formation-daide-soignant\/","name":"Pr\u00e9paration \u00e0 la formation d'aide-soignant - Futur H","isPartOf":{"@id":"https:\/\/futurh.be\/#website"},"primaryImageOfPage":{"@id":"https:\/\/futurh.be\/index.php\/preparation-a-la-formation-daide-soignant\/#primaryimage"},"image":{"@id":"https:\/\/futurh.be\/index.php\/preparation-a-la-formation-daide-soignant\/#primaryimage"},"thumbnailUrl":"https:\/\/futurh.be\/wp-content\/uploads\/2023\/09\/AdobeStock_57854415-1024x683.jpeg","datePublished":"2023-07-25T09:26:05+00:00","dateModified":"2026-03-30T12:14:30+00:00","breadcrumb":{"@id":"https:\/\/futurh.be\/index.php\/preparation-a-la-formation-daide-soignant\/#breadcrumb"},"inLanguage":"fr-FR","potentialAction":[{"@type":"ReadAction","target":["https:\/\/futurh.be\/index.php\/preparation-a-la-formation-daide-soignant\/"]}]},{"@type":"ImageObject","inLanguage":"fr-FR","@id":"https:\/\/futurh.be\/index.php\/preparation-a-la-formation-daide-soignant\/#primaryimage","url":"https:\/\/futurh.be\/wp-content\/uploads\/2023\/09\/AdobeStock_57854415-1024x683.jpeg","contentUrl":"https:\/\/futurh.be\/wp-content\/uploads\/2023\/09\/AdobeStock_57854415-1024x683.jpeg"},{"@type":"BreadcrumbList","@id":"https:\/\/futurh.be\/index.php\/preparation-a-la-formation-daide-soignant\/#breadcrumb","itemListElement":[{"@type":"ListItem","position":1,"name":"Accueil","item":"https:\/\/futurh.be\/"},{"@type":"ListItem","position":2,"name":"Pr\u00e9paration \u00e0 la formation d&rsquo;aide-soignant"}]},{"@type":"WebSite","@id":"https:\/\/futurh.be\/#website","url":"https:\/\/futurh.be\/","name":"Futur H","description":"","publisher":{"@id":"https:\/\/futurh.be\/#organization"},"potentialAction":[{"@type":"SearchAction","target":{"@type":"EntryPoint","urlTemplate":"https:\/\/futurh.be\/?s={search_term_string}"},"query-input":{"@type":"PropertyValueSpecification","valueRequired":true,"valueName":"search_term_string"}}],"inLanguage":"fr-FR"},{"@type":"Organization","@id":"https:\/\/futurh.be\/#organization","name":"FUTUR H ASBL","url":"https:\/\/futurh.be\/","logo":{"@type":"ImageObject","inLanguage":"fr-FR","@id":"https:\/\/futurh.be\/#\/schema\/logo\/image\/","url":"https:\/\/futurh.be\/wp-content\/uploads\/2023\/07\/LOGO_FUTUR-H-e1690377212662.png","contentUrl":"https:\/\/futurh.be\/wp-content\/uploads\/2023\/07\/LOGO_FUTUR-H-e1690377212662.png","width":350,"height":298,"caption":"FUTUR H ASBL"},"image":{"@id":"https:\/\/futurh.be\/#\/schema\/logo\/image\/"},"sameAs":["https:\/\/www.facebook.com\/asbl.Futur.H","https:\/\/www.linkedin.com\/in\/futur-h-asbl-818496221\/"]}]}},"_links":{"self":[{"href":"https:\/\/futurh.be\/index.php\/wp-json\/wp\/v2\/pages\/201","targetHints":{"allow":["GET"]}}],"collection":[{"href":"https:\/\/futurh.be\/index.php\/wp-json\/wp\/v2\/pages"}],"about":[{"href":"https:\/\/futurh.be\/index.php\/wp-json\/wp\/v2\/types\/page"}],"author":[{"embeddable":true,"href":"https:\/\/futurh.be\/index.php\/wp-json\/wp\/v2\/users\/1"}],"replies":[{"embeddable":true,"href":"https:\/\/futurh.be\/index.php\/wp-json\/wp\/v2\/comments?post=201"}],"version-history":[{"count":59,"href":"https:\/\/futurh.be\/index.php\/wp-json\/wp\/v2\/pages\/201\/revisions"}],"predecessor-version":[{"id":2736,"href":"https:\/\/futurh.be\/index.php\/wp-json\/wp\/v2\/pages\/201\/revisions\/2736"}],"wp:attachment":[{"href":"https:\/\/futurh.be\/index.php\/wp-json\/wp\/v2\/media?parent=201"}],"curies":[{"name":"wp","href":"https:\/\/api.w.org\/{rel}","templated":true}]}}