{"id":142,"date":"2023-07-19T15:14:34","date_gmt":"2023-07-19T13:14:34","guid":{"rendered":"https:\/\/futurh.be\/?page_id=142"},"modified":"2026-07-31T08:41:14","modified_gmt":"2026-07-31T06:41:14","slug":"orientation-professionnelle","status":"publish","type":"page","link":"https:\/\/futurh.be\/index.php\/orientation-professionnelle\/","title":{"rendered":"Orientation professionnelle"},"content":{"rendered":"\t\t<div data-elementor-type=\"wp-page\" data-elementor-id=\"142\" class=\"elementor elementor-142\">\n\t\t\t\t<div class=\"elementor-element elementor-element-7b2fed55 e-flex e-con-boxed e-con e-parent\" data-id=\"7b2fed55\" data-element_type=\"container\">\n\t\t\t\t\t<div class=\"e-con-inner\">\n\t\t\t\t<div class=\"elementor-element elementor-element-2f4bdc1d elementor-widget elementor-widget-heading\" data-id=\"2f4bdc1d\" data-element_type=\"widget\" data-widget_type=\"heading.default\">\n\t\t\t\t<div class=\"elementor-widget-container\">\n\t\t\t\t\t<h1 class=\"elementor-heading-title elementor-size-default\">Orientation professionnelle<\/h1>\t\t\t\t<\/div>\n\t\t\t\t<\/div>\n\t\t\t\t\t<\/div>\n\t\t\t\t<\/div>\n\t\t<div class=\"elementor-element elementor-element-10b5a978 e-flex e-con-boxed e-con e-parent\" data-id=\"10b5a978\" data-element_type=\"container\">\n\t\t\t\t\t<div class=\"e-con-inner\">\n\t\t<div class=\"elementor-element elementor-element-7bcd1088 e-con-full e-flex e-con e-child\" data-id=\"7bcd1088\" data-element_type=\"container\">\n\t\t\t\t<div class=\"elementor-element elementor-element-468e28b8 elementor-widget elementor-widget-text-editor\" data-id=\"468e28b8\" data-element_type=\"widget\" data-widget_type=\"text-editor.default\">\n\t\t\t\t<div class=\"elementor-widget-container\">\n\t\t\t\t\t\t\t\t\t<h3>Module d&rsquo;orientation professionnelle et d\u00e9veloppement personnel<\/h3>\n<div>\u00a0<\/div>\n<div>\u00a0<\/div>\t\t\t\t\t\t\t\t<\/div>\n\t\t\t\t<\/div>\n\t\t\t\t<\/div>\n\t\t<div class=\"elementor-element elementor-element-7dc4328d e-con-full e-flex e-con e-child\" data-id=\"7dc4328d\" data-element_type=\"container\">\n\t\t\t\t<div class=\"elementor-element elementor-element-6d88ec03 elementor-widget elementor-widget-image\" data-id=\"6d88ec03\" data-element_type=\"widget\" data-widget_type=\"image.default\">\n\t\t\t\t<div class=\"elementor-widget-container\">\n\t\t\t\t\t\t\t\t\t\t\t\t\t\t\t<img fetchpriority=\"high\" decoding=\"async\" width=\"1024\" height=\"839\" src=\"https:\/\/futurh.be\/wp-content\/uploads\/2023\/08\/AdobeStock_50753060-1024x839.jpg\" class=\"attachment-large size-large wp-image-1710\" alt=\"\" srcset=\"https:\/\/futurh.be\/wp-content\/uploads\/2023\/08\/AdobeStock_50753060-1024x839.jpg 1024w, https:\/\/futurh.be\/wp-content\/uploads\/2023\/08\/AdobeStock_50753060-300x246.jpg 300w, https:\/\/futurh.be\/wp-content\/uploads\/2023\/08\/AdobeStock_50753060-768x629.jpg 768w, https:\/\/futurh.be\/wp-content\/uploads\/2023\/08\/AdobeStock_50753060.jpg 1279w\" sizes=\"(max-width: 1024px) 100vw, 1024px\" \/>\t\t\t\t\t\t\t\t\t\t\t\t\t\t\t<\/div>\n\t\t\t\t<\/div>\n\t\t\t\t<\/div>\n\t\t\t\t\t<\/div>\n\t\t\t\t<\/div>\n\t\t<div class=\"elementor-element elementor-element-11659451 e-flex e-con-boxed e-con e-parent\" data-id=\"11659451\" data-element_type=\"container\">\n\t\t\t\t\t<div class=\"e-con-inner\">\n\t\t\t\t<div class=\"elementor-element elementor-element-592b5efe elementor-widget__width-initial elementor-tabs-view-horizontal elementor-invisible elementor-widget elementor-widget-tabs\" data-id=\"592b5efe\" data-element_type=\"widget\" data-settings=\"{&quot;_animation&quot;:&quot;fadeIn&quot;}\" data-widget_type=\"tabs.default\">\n\t\t\t\t<div class=\"elementor-widget-container\">\n\t\t\t\t\t\t\t<div class=\"elementor-tabs\">\n\t\t\t<div class=\"elementor-tabs-wrapper\" role=\"tablist\" >\n\t\t\t\t\t\t\t\t\t<div id=\"elementor-tab-title-1491\" class=\"elementor-tab-title elementor-tab-desktop-title\" aria-selected=\"true\" data-tab=\"1\" role=\"tab\" tabindex=\"0\" aria-controls=\"elementor-tab-content-1491\" aria-expanded=\"false\">Formation en cours<\/div>\n\t\t\t\t\t\t\t\t\t<div id=\"elementor-tab-title-1492\" class=\"elementor-tab-title elementor-tab-desktop-title\" aria-selected=\"false\" data-tab=\"2\" role=\"tab\" tabindex=\"-1\" aria-controls=\"elementor-tab-content-1492\" aria-expanded=\"false\">Formation \u00e0 venir<\/div>\n\t\t\t\t\t\t\t<\/div>\n\t\t\t<div class=\"elementor-tabs-content-wrapper\" role=\"tablist\" aria-orientation=\"vertical\">\n\t\t\t\t\t\t\t\t\t<div class=\"elementor-tab-title elementor-tab-mobile-title\" aria-selected=\"true\" data-tab=\"1\" role=\"tab\" tabindex=\"0\" aria-controls=\"elementor-tab-content-1491\" aria-expanded=\"false\">Formation en cours<\/div>\n\t\t\t\t\t<div id=\"elementor-tab-content-1491\" class=\"elementor-tab-content elementor-clearfix\" data-tab=\"1\" role=\"tabpanel\" aria-labelledby=\"elementor-tab-title-1491\" tabindex=\"0\" hidden=\"false\"><p>La prochaine formation d\u00e9butera le 24 ao\u00fbt 2026.<\/p><\/div>\n\t\t\t\t\t\t\t\t\t<div class=\"elementor-tab-title elementor-tab-mobile-title\" aria-selected=\"false\" data-tab=\"2\" role=\"tab\" tabindex=\"-1\" aria-controls=\"elementor-tab-content-1492\" aria-expanded=\"false\">Formation \u00e0 venir<\/div>\n\t\t\t\t\t<div id=\"elementor-tab-content-1492\" class=\"elementor-tab-content elementor-clearfix\" data-tab=\"2\" role=\"tabpanel\" aria-labelledby=\"elementor-tab-title-1492\" tabindex=\"0\" hidden=\"hidden\"><p>La prochaine formation d\u00e9butera en f\u00e9vrier 2027.<\/p><p>Les recrutements d\u00e9buteront en janvier 2027.<\/p><\/div>\n\t\t\t\t\t\t\t<\/div>\n\t\t<\/div>\n\t\t\t\t\t\t<\/div>\n\t\t\t\t<\/div>\n\t\t\t\t\t<\/div>\n\t\t\t\t<\/div>\n\t\t<div class=\"elementor-element elementor-element-65c0fcaa e-flex e-con-boxed e-con e-parent\" data-id=\"65c0fcaa\" data-element_type=\"container\">\n\t\t\t\t\t<div class=\"e-con-inner\">\n\t\t\t\t<div class=\"elementor-element elementor-element-296cb1bf elementor-widget elementor-widget-toggle\" data-id=\"296cb1bf\" data-element_type=\"widget\" data-widget_type=\"toggle.default\">\n\t\t\t\t<div class=\"elementor-widget-container\">\n\t\t\t\t\t\t\t<div class=\"elementor-toggle\">\n\t\t\t\t\t\t\t<div class=\"elementor-toggle-item\">\n\t\t\t\t\t<div id=\"elementor-tab-title-6941\" class=\"elementor-tab-title\" data-tab=\"1\" role=\"button\" aria-controls=\"elementor-tab-content-6941\" aria-expanded=\"false\">\n\t\t\t\t\t\t\t\t\t\t\t\t<span class=\"elementor-toggle-icon elementor-toggle-icon-left\" aria-hidden=\"true\">\n\t\t\t\t\t\t\t\t\t\t\t\t\t\t\t<span class=\"elementor-toggle-icon-closed\"><i class=\"fas fa-caret-right\"><\/i><\/span>\n\t\t\t\t\t\t\t\t<span class=\"elementor-toggle-icon-opened\"><i class=\"elementor-toggle-icon-opened fas fa-caret-up\"><\/i><\/span>\n\t\t\t\t\t\t\t\t\t\t\t\t\t<\/span>\n\t\t\t\t\t\t\t\t\t\t\t\t<a class=\"elementor-toggle-title\" tabindex=\"0\">Conditions d'acc\u00e8s<\/a>\n\t\t\t\t\t<\/div>\n\n\t\t\t\t\t<div id=\"elementor-tab-content-6941\" class=\"elementor-tab-content elementor-clearfix\" data-tab=\"1\" role=\"region\" aria-labelledby=\"elementor-tab-title-6941\"><ul><li>Ne plus \u00eatre soumis \u00e0 l&rsquo;obligation scolaire et \u00eatre m\u00e9dicalement apte \u00e0 suivre un processus de formation\/insertion<\/li><li>Etre demandeur d&#8217;emploi inoccup\u00e9 et b\u00e9n\u00e9ficier du revenu d\u2019int\u00e9gration ou d\u2019une aide financi\u00e8re du CPAS \u00e9quivalente au revenu d\u2019int\u00e9gration, ou&#8230;<\/li><li>Etre demandeur d&#8217;emploi inoccup\u00e9 inscrit au Forem et disposer au maximum du certificat d&rsquo;enseignement secondaire du 2e degr\u00e9 ou titre \u00e9quivalent, ou&#8230;<\/li><li>Etre inscrit au Forem comme demandeur d&#8217;emploi inoccup\u00e9 pendant au moins 18 mois au cours des 24 mois qui pr\u00e9c\u00e8dent la date d&rsquo;entr\u00e9e en formation, ou&#8230;<\/li><li>Etre une personne condamn\u00e9e (sous certaines conditions, contacter l\u2019op\u00e9rateur), ou&#8230;<\/li><li>Etre \u00e9tranger habitant l\u00e9galement en Belgique, disposant au maximum du CESDD ou titre \u00e9quivalent et plus en obligation scolaire, ou&#8230;<\/li><li>B\u00e9n\u00e9ficier de l&rsquo;article 60 \u00a7 7 de la loi organique des CPAS<\/li><\/ul><\/div>\n\t\t\t\t<\/div>\n\t\t\t\t\t\t\t<div class=\"elementor-toggle-item\">\n\t\t\t\t\t<div id=\"elementor-tab-title-6942\" class=\"elementor-tab-title\" data-tab=\"2\" role=\"button\" aria-controls=\"elementor-tab-content-6942\" aria-expanded=\"false\">\n\t\t\t\t\t\t\t\t\t\t\t\t<span class=\"elementor-toggle-icon elementor-toggle-icon-left\" aria-hidden=\"true\">\n\t\t\t\t\t\t\t\t\t\t\t\t\t\t\t<span class=\"elementor-toggle-icon-closed\"><i class=\"fas fa-caret-right\"><\/i><\/span>\n\t\t\t\t\t\t\t\t<span class=\"elementor-toggle-icon-opened\"><i class=\"elementor-toggle-icon-opened fas fa-caret-up\"><\/i><\/span>\n\t\t\t\t\t\t\t\t\t\t\t\t\t<\/span>\n\t\t\t\t\t\t\t\t\t\t\t\t<a class=\"elementor-toggle-title\" tabindex=\"0\">Dur\u00e9e de la formation<\/a>\n\t\t\t\t\t<\/div>\n\n\t\t\t\t\t<div id=\"elementor-tab-content-6942\" class=\"elementor-tab-content elementor-clearfix\" data-tab=\"2\" role=\"region\" aria-labelledby=\"elementor-tab-title-6942\"><p>La formation dure 3 mois. Elle est organis\u00e9e 2x\/an.<\/p><\/div>\n\t\t\t\t<\/div>\n\t\t\t\t\t\t\t<div class=\"elementor-toggle-item\">\n\t\t\t\t\t<div id=\"elementor-tab-title-6943\" class=\"elementor-tab-title\" data-tab=\"3\" role=\"button\" aria-controls=\"elementor-tab-content-6943\" aria-expanded=\"false\">\n\t\t\t\t\t\t\t\t\t\t\t\t<span class=\"elementor-toggle-icon elementor-toggle-icon-left\" aria-hidden=\"true\">\n\t\t\t\t\t\t\t\t\t\t\t\t\t\t\t<span class=\"elementor-toggle-icon-closed\"><i class=\"fas fa-caret-right\"><\/i><\/span>\n\t\t\t\t\t\t\t\t<span class=\"elementor-toggle-icon-opened\"><i class=\"elementor-toggle-icon-opened fas fa-caret-up\"><\/i><\/span>\n\t\t\t\t\t\t\t\t\t\t\t\t\t<\/span>\n\t\t\t\t\t\t\t\t\t\t\t\t<a class=\"elementor-toggle-title\" tabindex=\"0\">Horaire<\/a>\n\t\t\t\t\t<\/div>\n\n\t\t\t\t\t<div id=\"elementor-tab-content-6943\" class=\"elementor-tab-content elementor-clearfix\" data-tab=\"3\" role=\"region\" aria-labelledby=\"elementor-tab-title-6943\"><p>Les cours se donnent du lundi au vendredi, en journ\u00e9e de 9h \u00e0 12h et de 13h \u00e0 16h, (30h\/semaine).<\/p><p>Pendant les stages, les horaires prest\u00e9s sont diff\u00e9rents et adapt\u00e9s \u00e0 la r\u00e9alit\u00e9 du terrain.<\/p><p>Il n&rsquo;y a pas de prestations de nuit, jours f\u00e9ri\u00e9s ou weekends.<\/p><\/div>\n\t\t\t\t<\/div>\n\t\t\t\t\t\t\t<div class=\"elementor-toggle-item\">\n\t\t\t\t\t<div id=\"elementor-tab-title-6944\" class=\"elementor-tab-title\" data-tab=\"4\" role=\"button\" aria-controls=\"elementor-tab-content-6944\" aria-expanded=\"false\">\n\t\t\t\t\t\t\t\t\t\t\t\t<span class=\"elementor-toggle-icon elementor-toggle-icon-left\" aria-hidden=\"true\">\n\t\t\t\t\t\t\t\t\t\t\t\t\t\t\t<span class=\"elementor-toggle-icon-closed\"><i class=\"fas fa-caret-right\"><\/i><\/span>\n\t\t\t\t\t\t\t\t<span class=\"elementor-toggle-icon-opened\"><i class=\"elementor-toggle-icon-opened fas fa-caret-up\"><\/i><\/span>\n\t\t\t\t\t\t\t\t\t\t\t\t\t<\/span>\n\t\t\t\t\t\t\t\t\t\t\t\t<a class=\"elementor-toggle-title\" tabindex=\"0\">Avantages<\/a>\n\t\t\t\t\t<\/div>\n\n\t\t\t\t\t<div id=\"elementor-tab-content-6944\" class=\"elementor-tab-content elementor-clearfix\" data-tab=\"4\" role=\"region\" aria-labelledby=\"elementor-tab-title-6944\"><p>La formation est GRATUITE.<\/p><p>Contrat de formation professionnelle F70 bis sign\u00e9 avec le Forem.<\/p><p><span style=\"font-style: inherit; font-weight: inherit; background-color: var(--ast-global-color-4); color: var(--ast-global-color-3);\">Intervention dans les frais de d\u00e9placement, de cr\u00e8che ou de garderie.<\/span><\/p><\/div>\n\t\t\t\t<\/div>\n\t\t\t\t\t\t\t<div class=\"elementor-toggle-item\">\n\t\t\t\t\t<div id=\"elementor-tab-title-6945\" class=\"elementor-tab-title\" data-tab=\"5\" role=\"button\" aria-controls=\"elementor-tab-content-6945\" aria-expanded=\"false\">\n\t\t\t\t\t\t\t\t\t\t\t\t<span class=\"elementor-toggle-icon elementor-toggle-icon-left\" aria-hidden=\"true\">\n\t\t\t\t\t\t\t\t\t\t\t\t\t\t\t<span class=\"elementor-toggle-icon-closed\"><i class=\"fas fa-caret-right\"><\/i><\/span>\n\t\t\t\t\t\t\t\t<span class=\"elementor-toggle-icon-opened\"><i class=\"elementor-toggle-icon-opened fas fa-caret-up\"><\/i><\/span>\n\t\t\t\t\t\t\t\t\t\t\t\t\t<\/span>\n\t\t\t\t\t\t\t\t\t\t\t\t<a class=\"elementor-toggle-title\" tabindex=\"0\">Programme de formation<\/a>\n\t\t\t\t\t<\/div>\n\n\t\t\t\t\t<div id=\"elementor-tab-content-6945\" class=\"elementor-tab-content elementor-clearfix\" data-tab=\"5\" role=\"region\" aria-labelledby=\"elementor-tab-title-6945\"><div class=\"fusion-builder-row fusion-builder-row-inner fusion-row fusion-flex-align-items-flex-start\"><div class=\"fusion-layout-column fusion_builder_column_inner fusion-builder-nested-column-2 fusion_builder_column_inner_1_1 1_1 fusion-flex-column\"><div class=\"fusion-column-wrapper fusion-column-has-shadow fusion-flex-justify-content-center fusion-content-layout-column\"><div class=\"fusion-text fusion-text-19\"><p>(Re)construire ou confirmer un projet professionnel r\u00e9aliste, essay\u00e9, adapt\u00e9 avec un plan d\u2019action concret.<\/p><\/div><\/div><\/div><\/div><div class=\"fusion-text fusion-text-20\"><p class=\"avant-tiret\">Le module se d\u00e9roule en 5 \u00e9tapes :<\/p><ul class=\"tiret\"><li aria-level=\"1\">Connaissance de soi : via des techniques sp\u00e9cifiques et ludiques.<\/li><li aria-level=\"1\">Connaissance des m\u00e9tiers et entreprises : d\u00e9couverte en groupe, \u00e9change d\u2019exp\u00e9riences, jeux p\u00e9dagogiques, interviews, enqu\u00eates, cours.<\/li><li aria-level=\"1\">Outils de prospection : CV, lettre de motivation, entretiens t\u00e9l\u00e9phoniques et d\u2019embauche.<\/li><li aria-level=\"1\">Stages : 2 stages d\u2019immersion professionnelle de 8 jours.<\/li><li aria-level=\"1\">Projet professionnel : ajustement et construction d\u2019un plan d\u2019action.<\/li><\/ul><\/div><\/div>\n\t\t\t\t<\/div>\n\t\t\t\t\t\t\t<div class=\"elementor-toggle-item\">\n\t\t\t\t\t<div id=\"elementor-tab-title-6946\" class=\"elementor-tab-title\" data-tab=\"6\" role=\"button\" aria-controls=\"elementor-tab-content-6946\" aria-expanded=\"false\">\n\t\t\t\t\t\t\t\t\t\t\t\t<span class=\"elementor-toggle-icon elementor-toggle-icon-left\" aria-hidden=\"true\">\n\t\t\t\t\t\t\t\t\t\t\t\t\t\t\t<span class=\"elementor-toggle-icon-closed\"><i class=\"fas fa-caret-right\"><\/i><\/span>\n\t\t\t\t\t\t\t\t<span class=\"elementor-toggle-icon-opened\"><i class=\"elementor-toggle-icon-opened fas fa-caret-up\"><\/i><\/span>\n\t\t\t\t\t\t\t\t\t\t\t\t\t<\/span>\n\t\t\t\t\t\t\t\t\t\t\t\t<a class=\"elementor-toggle-title\" tabindex=\"0\">Lien FORMAPass<\/a>\n\t\t\t\t\t<\/div>\n\n\t\t\t\t\t<div id=\"elementor-tab-content-6946\" class=\"elementor-tab-content elementor-clearfix\" data-tab=\"6\" role=\"region\" aria-labelledby=\"elementor-tab-title-6946\"><p><a href=\"https:\/\/www.leforem.be\/FORMAPass\/offre-prestation\/detail-prestation.html?id=16240&amp;modele=false\" target=\"_blank\" rel=\"noopener\">Offre de prestation n\u00b016240 : Module d&rsquo;Orientation, d&rsquo;essais professionnels et de d\u00e9veloppement personnel avec ouverture vers les m\u00e9tiers en p\u00e9nurie<\/a><\/p><\/div>\n\t\t\t\t<\/div>\n\t\t\t\t\t\t\t\t<\/div>\n\t\t\t\t\t\t<\/div>\n\t\t\t\t<\/div>\n\t\t\t\t\t<\/div>\n\t\t\t\t<\/div>\n\t\t<div class=\"elementor-element elementor-element-11103496 e-con-full e-flex e-con e-parent\" data-id=\"11103496\" data-element_type=\"container\" data-settings=\"{&quot;background_background&quot;:&quot;classic&quot;}\">\n\t\t\t\t<div class=\"elementor-element elementor-element-5c452d55 elementor-widget__width-initial elementor-widget elementor-widget-text-editor\" data-id=\"5c452d55\" data-element_type=\"widget\" data-widget_type=\"text-editor.default\">\n\t\t\t\t<div class=\"elementor-widget-container\">\n\t\t\t\t\t\t\t\t\t<p><b>Int\u00e9ress\u00e9 par ce module de formation ? Prenez contact avec nous par t\u00e9l\u00e9phone, SMS ou mail.<\/b><\/p>\n<p style=\"text-align: center;\"><b>Vous pouvez \u00e9galement remplir le formulaire de contact en cliquant sur le bouton ci-dessous.<\/b><\/p>\t\t\t\t\t\t\t\t<\/div>\n\t\t\t\t<\/div>\n\t\t\t\t<\/div>\n\t\t<div class=\"elementor-element elementor-element-3b471d8d e-con-full e-flex e-con e-parent\" data-id=\"3b471d8d\" data-element_type=\"container\">\n\t\t\t\t<div class=\"elementor-element elementor-element-5d8b39 elementor-view-framed animated-slow elementor-widget__width-initial elementor-widget-mobile__width-initial elementor-shape-circle elementor-position-top elementor-mobile-position-top elementor-invisible elementor-widget elementor-widget-icon-box\" data-id=\"5d8b39\" data-element_type=\"widget\" data-settings=\"{&quot;_animation&quot;:&quot;fadeIn&quot;}\" data-widget_type=\"icon-box.default\">\n\t\t\t\t<div class=\"elementor-widget-container\">\n\t\t\t\t\t\t\t<div class=\"elementor-icon-box-wrapper\">\n\n\t\t\t\t\t\t<div class=\"elementor-icon-box-icon\">\n\t\t\t\t<a href=\"tel:+3243441773\" target=\"_blank\" class=\"elementor-icon elementor-animation-shrink\" tabindex=\"-1\" aria-label=\"T\u00e9l\u00e9phone\">\n\t\t\t\t<i aria-hidden=\"true\" class=\"fas fa-phone-volume\"><\/i>\t\t\t\t<\/a>\n\t\t\t<\/div>\n\t\t\t\n\t\t\t\t\t\t<div class=\"elementor-icon-box-content\">\n\n\t\t\t\t\t\t\t\t\t<h5 class=\"elementor-icon-box-title\">\n\t\t\t\t\t\t<a href=\"tel:+3243441773\" target=\"_blank\" >\n\t\t\t\t\t\t\tT\u00e9l\u00e9phone\t\t\t\t\t\t<\/a>\n\t\t\t\t\t<\/h5>\n\t\t\t\t\n\t\t\t\t\t\t\t\t\t<p class=\"elementor-icon-box-description\">\n\t\t\t\t\t\t04\/344 17 73\t\t\t\t\t<\/p>\n\t\t\t\t\n\t\t\t<\/div>\n\t\t\t\n\t\t<\/div>\n\t\t\t\t\t\t<\/div>\n\t\t\t\t<\/div>\n\t\t\t\t<div class=\"elementor-element elementor-element-49fd0d28 elementor-view-framed animated-slow elementor-widget__width-initial elementor-widget-mobile__width-initial elementor-shape-circle elementor-position-top elementor-mobile-position-top elementor-invisible elementor-widget elementor-widget-icon-box\" data-id=\"49fd0d28\" data-element_type=\"widget\" data-settings=\"{&quot;_animation&quot;:&quot;fadeIn&quot;}\" data-widget_type=\"icon-box.default\">\n\t\t\t\t<div class=\"elementor-widget-container\">\n\t\t\t\t\t\t\t<div class=\"elementor-icon-box-wrapper\">\n\n\t\t\t\t\t\t<div class=\"elementor-icon-box-icon\">\n\t\t\t\t<a href=\"sms:+32483200803\" target=\"_blank\" class=\"elementor-icon elementor-animation-shrink\" tabindex=\"-1\" aria-label=\"SMS\">\n\t\t\t\t<i aria-hidden=\"true\" class=\"fas fa-sms\"><\/i>\t\t\t\t<\/a>\n\t\t\t<\/div>\n\t\t\t\n\t\t\t\t\t\t<div class=\"elementor-icon-box-content\">\n\n\t\t\t\t\t\t\t\t\t<h5 class=\"elementor-icon-box-title\">\n\t\t\t\t\t\t<a href=\"sms:+32483200803\" target=\"_blank\" >\n\t\t\t\t\t\t\tSMS\t\t\t\t\t\t<\/a>\n\t\t\t\t\t<\/h5>\n\t\t\t\t\n\t\t\t\t\t\t\t\t\t<p class=\"elementor-icon-box-description\">\n\t\t\t\t\t\t0483\/20 08 03\t\t\t\t\t<\/p>\n\t\t\t\t\n\t\t\t<\/div>\n\t\t\t\n\t\t<\/div>\n\t\t\t\t\t\t<\/div>\n\t\t\t\t<\/div>\n\t\t\t\t<div class=\"elementor-element elementor-element-45e6bb4f elementor-view-framed animated-slow elementor-widget__width-initial elementor-widget-mobile__width-initial elementor-shape-circle elementor-position-top elementor-mobile-position-top elementor-invisible elementor-widget elementor-widget-icon-box\" data-id=\"45e6bb4f\" data-element_type=\"widget\" data-settings=\"{&quot;_animation&quot;:&quot;fadeIn&quot;}\" data-widget_type=\"icon-box.default\">\n\t\t\t\t<div class=\"elementor-widget-container\">\n\t\t\t\t\t\t\t<div class=\"elementor-icon-box-wrapper\">\n\n\t\t\t\t\t\t<div class=\"elementor-icon-box-icon\">\n\t\t\t\t<a href=\"mailto:info@futurh.be\" target=\"_blank\" class=\"elementor-icon elementor-animation-shrink\" tabindex=\"-1\" aria-label=\"Mail\">\n\t\t\t\t<i aria-hidden=\"true\" class=\"far fa-envelope\"><\/i>\t\t\t\t<\/a>\n\t\t\t<\/div>\n\t\t\t\n\t\t\t\t\t\t<div class=\"elementor-icon-box-content\">\n\n\t\t\t\t\t\t\t\t\t<h5 class=\"elementor-icon-box-title\">\n\t\t\t\t\t\t<a href=\"mailto:info@futurh.be\" target=\"_blank\" >\n\t\t\t\t\t\t\tMail\t\t\t\t\t\t<\/a>\n\t\t\t\t\t<\/h5>\n\t\t\t\t\n\t\t\t\t\t\t\t\t\t<p class=\"elementor-icon-box-description\">\n\t\t\t\t\t\tinfo@futurh.be\t\t\t\t\t<\/p>\n\t\t\t\t\n\t\t\t<\/div>\n\t\t\t\n\t\t<\/div>\n\t\t\t\t\t\t<\/div>\n\t\t\t\t<\/div>\n\t\t\t\t<\/div>\n\t\t<div class=\"elementor-element elementor-element-0a53856 e-flex e-con-boxed e-con e-parent\" data-id=\"0a53856\" data-element_type=\"container\">\n\t\t\t\t\t<div class=\"e-con-inner\">\n\t\t\t\t<div class=\"elementor-element elementor-element-6fef7ef elementor-align-center elementor-widget__width-initial animated-slow elementor-invisible elementor-widget elementor-widget-button\" data-id=\"6fef7ef\" data-element_type=\"widget\" data-settings=\"{&quot;_animation&quot;:&quot;pulse&quot;,&quot;_animation_delay&quot;:100}\" data-widget_type=\"button.default\">\n\t\t\t\t<div class=\"elementor-widget-container\">\n\t\t\t\t\t\t\t\t\t<div class=\"elementor-button-wrapper\">\n\t\t\t\t\t<a class=\"elementor-button elementor-button-link elementor-size-sm\" href=\"https:\/\/forms.office.com\/e\/f0Ci5jPpMp\" target=\"_blank\">\n\t\t\t\t\t\t<span class=\"elementor-button-content-wrapper\">\n\t\t\t\t\t\t\t\t\t<span class=\"elementor-button-text\">Formulaire de contact<\/span>\n\t\t\t\t\t<\/span>\n\t\t\t\t\t<\/a>\n\t\t\t\t<\/div>\n\t\t\t\t\t\t\t\t<\/div>\n\t\t\t\t<\/div>\n\t\t\t\t\t<\/div>\n\t\t\t\t<\/div>\n\t\t\t\t<\/div>\n\t\t","protected":false},"excerpt":{"rendered":"<p>Orientation professionnelle Module d&rsquo;orientation professionnelle et d\u00e9veloppement personnel \u00a0 \u00a0 Formation en cours Formation \u00e0 venir Formation en cours La prochaine formation d\u00e9butera le 24 ao\u00fbt 2026. Formation \u00e0 venir La prochaine formation d\u00e9butera en f\u00e9vrier 2027. Les recrutements d\u00e9buteront en janvier 2027. Conditions d&rsquo;acc\u00e8s Ne plus \u00eatre soumis \u00e0 l&rsquo;obligation scolaire et \u00eatre m\u00e9dicalement [&hellip;]<\/p>\n","protected":false},"author":1,"featured_media":0,"parent":0,"menu_order":0,"comment_status":"closed","ping_status":"closed","template":"","meta":{"site-sidebar-layout":"default","site-content-layout":"","ast-site-content-layout":"","site-content-style":"default","site-sidebar-style":"default","ast-global-header-display":"","ast-banner-title-visibility":"","ast-main-header-display":"","ast-hfb-above-header-display":"","ast-hfb-below-header-display":"","ast-hfb-mobile-header-display":"","site-post-title":"","ast-breadcrumbs-content":"","ast-featured-img":"","footer-sml-layout":"","theme-transparent-header-meta":"","adv-header-id-meta":"","stick-header-meta":"","header-above-stick-meta":"","header-main-stick-meta":"","header-below-stick-meta":"","astra-migrate-meta-layouts":"default","ast-page-background-enabled":"default","ast-page-background-meta":{"desktop":{"background-color":"var(--ast-global-color-4)","background-image":"","background-repeat":"repeat","background-position":"center center","background-size":"auto","background-attachment":"scroll","background-type":"","background-media":"","overlay-type":"","overlay-color":"","overlay-opacity":"","overlay-gradient":""},"tablet":{"background-color":"","background-image":"","background-repeat":"repeat","background-position":"center center","background-size":"auto","background-attachment":"scroll","background-type":"","background-media":"","overlay-type":"","overlay-color":"","overlay-opacity":"","overlay-gradient":""},"mobile":{"background-color":"","background-image":"","background-repeat":"repeat","background-position":"center center","background-size":"auto","background-attachment":"scroll","background-type":"","background-media":"","overlay-type":"","overlay-color":"","overlay-opacity":"","overlay-gradient":""}},"ast-content-background-meta":{"desktop":{"background-color":"var(--ast-global-color-5)","background-image":"","background-repeat":"repeat","background-position":"center center","background-size":"auto","background-attachment":"scroll","background-type":"","background-media":"","overlay-type":"","overlay-color":"","overlay-opacity":"","overlay-gradient":""},"tablet":{"background-color":"var(--ast-global-color-5)","background-image":"","background-repeat":"repeat","background-position":"center center","background-size":"auto","background-attachment":"scroll","background-type":"","background-media":"","overlay-type":"","overlay-color":"","overlay-opacity":"","overlay-gradient":""},"mobile":{"background-color":"var(--ast-global-color-5)","background-image":"","background-repeat":"repeat","background-position":"center center","background-size":"auto","background-attachment":"scroll","background-type":"","background-media":"","overlay-type":"","overlay-color":"","overlay-opacity":"","overlay-gradient":""}},"footnotes":""},"class_list":["post-142","page","type-page","status-publish","hentry"],"yoast_head":"<!-- This site is optimized with the Yoast SEO plugin v25.8 - https:\/\/yoast.com\/wordpress\/plugins\/seo\/ -->\n<title>Orientation professionnelle - Futur H<\/title>\n<meta name=\"robots\" content=\"index, follow, max-snippet:-1, max-image-preview:large, max-video-preview:-1\" \/>\n<link rel=\"canonical\" href=\"https:\/\/futurh.be\/index.php\/orientation-professionnelle\/\" \/>\n<meta property=\"og:locale\" content=\"fr_FR\" \/>\n<meta property=\"og:type\" content=\"article\" \/>\n<meta property=\"og:title\" content=\"Orientation professionnelle - Futur H\" \/>\n<meta property=\"og:description\" content=\"Orientation professionnelle Module d&rsquo;orientation professionnelle et d\u00e9veloppement personnel \u00a0 \u00a0 Formation en cours Formation \u00e0 venir Formation en cours La prochaine formation d\u00e9butera le 24 ao\u00fbt 2026. Formation \u00e0 venir La prochaine formation d\u00e9butera en f\u00e9vrier 2027. Les recrutements d\u00e9buteront en janvier 2027. Conditions d&rsquo;acc\u00e8s Ne plus \u00eatre soumis \u00e0 l&rsquo;obligation scolaire et \u00eatre m\u00e9dicalement [&hellip;]\" \/>\n<meta property=\"og:url\" content=\"https:\/\/futurh.be\/index.php\/orientation-professionnelle\/\" \/>\n<meta property=\"og:site_name\" content=\"Futur H\" \/>\n<meta property=\"article:publisher\" content=\"https:\/\/www.facebook.com\/asbl.Futur.H\" \/>\n<meta property=\"article:modified_time\" content=\"2026-07-31T06:41:14+00:00\" \/>\n<meta property=\"og:image\" content=\"https:\/\/futurh.be\/wp-content\/uploads\/2023\/08\/AdobeStock_50753060.jpg\" \/>\n\t<meta property=\"og:image:width\" content=\"1279\" \/>\n\t<meta property=\"og:image:height\" content=\"1048\" \/>\n\t<meta property=\"og:image:type\" content=\"image\/jpeg\" \/>\n<meta name=\"twitter:card\" content=\"summary_large_image\" \/>\n<meta name=\"twitter:label1\" content=\"Dur\u00e9e de lecture estim\u00e9e\" \/>\n\t<meta name=\"twitter:data1\" content=\"3 minutes\" \/>\n<script type=\"application\/ld+json\" class=\"yoast-schema-graph\">{\"@context\":\"https:\/\/schema.org\",\"@graph\":[{\"@type\":\"WebPage\",\"@id\":\"https:\/\/futurh.be\/index.php\/orientation-professionnelle\/\",\"url\":\"https:\/\/futurh.be\/index.php\/orientation-professionnelle\/\",\"name\":\"Orientation professionnelle - Futur H\",\"isPartOf\":{\"@id\":\"https:\/\/futurh.be\/#website\"},\"primaryImageOfPage\":{\"@id\":\"https:\/\/futurh.be\/index.php\/orientation-professionnelle\/#primaryimage\"},\"image\":{\"@id\":\"https:\/\/futurh.be\/index.php\/orientation-professionnelle\/#primaryimage\"},\"thumbnailUrl\":\"https:\/\/futurh.be\/wp-content\/uploads\/2023\/08\/AdobeStock_50753060-1024x839.jpg\",\"datePublished\":\"2023-07-19T13:14:34+00:00\",\"dateModified\":\"2026-07-31T06:41:14+00:00\",\"breadcrumb\":{\"@id\":\"https:\/\/futurh.be\/index.php\/orientation-professionnelle\/#breadcrumb\"},\"inLanguage\":\"fr-FR\",\"potentialAction\":[{\"@type\":\"ReadAction\",\"target\":[\"https:\/\/futurh.be\/index.php\/orientation-professionnelle\/\"]}]},{\"@type\":\"ImageObject\",\"inLanguage\":\"fr-FR\",\"@id\":\"https:\/\/futurh.be\/index.php\/orientation-professionnelle\/#primaryimage\",\"url\":\"https:\/\/futurh.be\/wp-content\/uploads\/2023\/08\/AdobeStock_50753060.jpg\",\"contentUrl\":\"https:\/\/futurh.be\/wp-content\/uploads\/2023\/08\/AdobeStock_50753060.jpg\",\"width\":1279,\"height\":1048,\"caption\":\"Orientation professionnelle\"},{\"@type\":\"BreadcrumbList\",\"@id\":\"https:\/\/futurh.be\/index.php\/orientation-professionnelle\/#breadcrumb\",\"itemListElement\":[{\"@type\":\"ListItem\",\"position\":1,\"name\":\"Accueil\",\"item\":\"https:\/\/futurh.be\/\"},{\"@type\":\"ListItem\",\"position\":2,\"name\":\"Orientation professionnelle\"}]},{\"@type\":\"WebSite\",\"@id\":\"https:\/\/futurh.be\/#website\",\"url\":\"https:\/\/futurh.be\/\",\"name\":\"Futur H\",\"description\":\"\",\"publisher\":{\"@id\":\"https:\/\/futurh.be\/#organization\"},\"potentialAction\":[{\"@type\":\"SearchAction\",\"target\":{\"@type\":\"EntryPoint\",\"urlTemplate\":\"https:\/\/futurh.be\/?s={search_term_string}\"},\"query-input\":{\"@type\":\"PropertyValueSpecification\",\"valueRequired\":true,\"valueName\":\"search_term_string\"}}],\"inLanguage\":\"fr-FR\"},{\"@type\":\"Organization\",\"@id\":\"https:\/\/futurh.be\/#organization\",\"name\":\"FUTUR H ASBL\",\"url\":\"https:\/\/futurh.be\/\",\"logo\":{\"@type\":\"ImageObject\",\"inLanguage\":\"fr-FR\",\"@id\":\"https:\/\/futurh.be\/#\/schema\/logo\/image\/\",\"url\":\"https:\/\/futurh.be\/wp-content\/uploads\/2023\/07\/LOGO_FUTUR-H-e1690377212662.png\",\"contentUrl\":\"https:\/\/futurh.be\/wp-content\/uploads\/2023\/07\/LOGO_FUTUR-H-e1690377212662.png\",\"width\":350,\"height\":298,\"caption\":\"FUTUR H ASBL\"},\"image\":{\"@id\":\"https:\/\/futurh.be\/#\/schema\/logo\/image\/\"},\"sameAs\":[\"https:\/\/www.facebook.com\/asbl.Futur.H\",\"https:\/\/www.linkedin.com\/in\/futur-h-asbl-818496221\/\"]}]}<\/script>\n<!-- \/ Yoast SEO plugin. -->","yoast_head_json":{"title":"Orientation professionnelle - Futur H","robots":{"index":"index","follow":"follow","max-snippet":"max-snippet:-1","max-image-preview":"max-image-preview:large","max-video-preview":"max-video-preview:-1"},"canonical":"https:\/\/futurh.be\/index.php\/orientation-professionnelle\/","og_locale":"fr_FR","og_type":"article","og_title":"Orientation professionnelle - Futur H","og_description":"Orientation professionnelle Module d&rsquo;orientation professionnelle et d\u00e9veloppement personnel \u00a0 \u00a0 Formation en cours Formation \u00e0 venir Formation en cours La prochaine formation d\u00e9butera le 24 ao\u00fbt 2026. Formation \u00e0 venir La prochaine formation d\u00e9butera en f\u00e9vrier 2027. Les recrutements d\u00e9buteront en janvier 2027. Conditions d&rsquo;acc\u00e8s Ne plus \u00eatre soumis \u00e0 l&rsquo;obligation scolaire et \u00eatre m\u00e9dicalement [&hellip;]","og_url":"https:\/\/futurh.be\/index.php\/orientation-professionnelle\/","og_site_name":"Futur H","article_publisher":"https:\/\/www.facebook.com\/asbl.Futur.H","article_modified_time":"2026-07-31T06:41:14+00:00","og_image":[{"width":1279,"height":1048,"url":"https:\/\/futurh.be\/wp-content\/uploads\/2023\/08\/AdobeStock_50753060.jpg","type":"image\/jpeg"}],"twitter_card":"summary_large_image","twitter_misc":{"Dur\u00e9e de lecture estim\u00e9e":"3 minutes"},"schema":{"@context":"https:\/\/schema.org","@graph":[{"@type":"WebPage","@id":"https:\/\/futurh.be\/index.php\/orientation-professionnelle\/","url":"https:\/\/futurh.be\/index.php\/orientation-professionnelle\/","name":"Orientation professionnelle - Futur H","isPartOf":{"@id":"https:\/\/futurh.be\/#website"},"primaryImageOfPage":{"@id":"https:\/\/futurh.be\/index.php\/orientation-professionnelle\/#primaryimage"},"image":{"@id":"https:\/\/futurh.be\/index.php\/orientation-professionnelle\/#primaryimage"},"thumbnailUrl":"https:\/\/futurh.be\/wp-content\/uploads\/2023\/08\/AdobeStock_50753060-1024x839.jpg","datePublished":"2023-07-19T13:14:34+00:00","dateModified":"2026-07-31T06:41:14+00:00","breadcrumb":{"@id":"https:\/\/futurh.be\/index.php\/orientation-professionnelle\/#breadcrumb"},"inLanguage":"fr-FR","potentialAction":[{"@type":"ReadAction","target":["https:\/\/futurh.be\/index.php\/orientation-professionnelle\/"]}]},{"@type":"ImageObject","inLanguage":"fr-FR","@id":"https:\/\/futurh.be\/index.php\/orientation-professionnelle\/#primaryimage","url":"https:\/\/futurh.be\/wp-content\/uploads\/2023\/08\/AdobeStock_50753060.jpg","contentUrl":"https:\/\/futurh.be\/wp-content\/uploads\/2023\/08\/AdobeStock_50753060.jpg","width":1279,"height":1048,"caption":"Orientation professionnelle"},{"@type":"BreadcrumbList","@id":"https:\/\/futurh.be\/index.php\/orientation-professionnelle\/#breadcrumb","itemListElement":[{"@type":"ListItem","position":1,"name":"Accueil","item":"https:\/\/futurh.be\/"},{"@type":"ListItem","position":2,"name":"Orientation professionnelle"}]},{"@type":"WebSite","@id":"https:\/\/futurh.be\/#website","url":"https:\/\/futurh.be\/","name":"Futur H","description":"","publisher":{"@id":"https:\/\/futurh.be\/#organization"},"potentialAction":[{"@type":"SearchAction","target":{"@type":"EntryPoint","urlTemplate":"https:\/\/futurh.be\/?s={search_term_string}"},"query-input":{"@type":"PropertyValueSpecification","valueRequired":true,"valueName":"search_term_string"}}],"inLanguage":"fr-FR"},{"@type":"Organization","@id":"https:\/\/futurh.be\/#organization","name":"FUTUR H ASBL","url":"https:\/\/futurh.be\/","logo":{"@type":"ImageObject","inLanguage":"fr-FR","@id":"https:\/\/futurh.be\/#\/schema\/logo\/image\/","url":"https:\/\/futurh.be\/wp-content\/uploads\/2023\/07\/LOGO_FUTUR-H-e1690377212662.png","contentUrl":"https:\/\/futurh.be\/wp-content\/uploads\/2023\/07\/LOGO_FUTUR-H-e1690377212662.png","width":350,"height":298,"caption":"FUTUR H ASBL"},"image":{"@id":"https:\/\/futurh.be\/#\/schema\/logo\/image\/"},"sameAs":["https:\/\/www.facebook.com\/asbl.Futur.H","https:\/\/www.linkedin.com\/in\/futur-h-asbl-818496221\/"]}]}},"_links":{"self":[{"href":"https:\/\/futurh.be\/index.php\/wp-json\/wp\/v2\/pages\/142","targetHints":{"allow":["GET"]}}],"collection":[{"href":"https:\/\/futurh.be\/index.php\/wp-json\/wp\/v2\/pages"}],"about":[{"href":"https:\/\/futurh.be\/index.php\/wp-json\/wp\/v2\/types\/page"}],"author":[{"embeddable":true,"href":"https:\/\/futurh.be\/index.php\/wp-json\/wp\/v2\/users\/1"}],"replies":[{"embeddable":true,"href":"https:\/\/futurh.be\/index.php\/wp-json\/wp\/v2\/comments?post=142"}],"version-history":[{"count":92,"href":"https:\/\/futurh.be\/index.php\/wp-json\/wp\/v2\/pages\/142\/revisions"}],"predecessor-version":[{"id":2892,"href":"https:\/\/futurh.be\/index.php\/wp-json\/wp\/v2\/pages\/142\/revisions\/2892"}],"wp:attachment":[{"href":"https:\/\/futurh.be\/index.php\/wp-json\/wp\/v2\/media?parent=142"}],"curies":[{"name":"wp","href":"https:\/\/api.w.org\/{rel}","templated":true}]}}